{"id":5808,"date":"2022-10-26T19:27:29","date_gmt":"2022-10-26T19:27:29","guid":{"rendered":"https:\/\/imn.sacromontegranada.com\/?page_id=5808"},"modified":"2023-01-20T12:00:40","modified_gmt":"2023-01-20T12:00:40","slug":"valle-darro","status":"publish","type":"page","link":"https:\/\/sacromontegranada.com\/en\/valle-darro\/","title":{"rendered":"The Darro River Valley"},"content":{"rendered":"\t\t<div data-elementor-type=\"wp-post\" data-elementor-id=\"5808\" class=\"elementor elementor-5808\" data-elementor-post-type=\"page\">\n\t\t\t\t\t\t<section class=\"elementor-section elementor-top-section elementor-element elementor-element-98ed49b elementor-section-boxed elementor-section-height-default elementor-section-height-default\" data-id=\"98ed49b\" data-element_type=\"section\" data-e-type=\"section\">\n\t\t\t\t\t\t<div class=\"elementor-container elementor-column-gap-extended\">\n\t\t\t\t\t<div class=\"elementor-column elementor-col-100 elementor-top-column elementor-element elementor-element-de54830 sc_inner_width_none sc_content_align_inherit sc_layouts_column_icons_position_left\" data-id=\"de54830\" data-element_type=\"column\" data-e-type=\"column\">\n\t\t\t<div class=\"elementor-widget-wrap elementor-element-populated\">\n\t\t\t\t\t\t<div class=\"elementor-element elementor-element-ae6b651 animation_type_block sc_fly_static elementor-widget elementor-widget-slider_revolution\" data-id=\"ae6b651\" data-element_type=\"widget\" data-e-type=\"widget\" data-widget_type=\"slider_revolution.default\">\n\t\t\t\t<div class=\"elementor-widget-container\">\n\t\t\t\t\t\n\t\t<div class=\"wp-block-themepunch-revslider\">\n\t\t\t<!-- START Valle Rio Darro REVOLUTION SLIDER 6.7.40 --><p class=\"rs-p-wp-fix\"><\/p>\n\t\t\t<rs-module-wrap id=\"rev_slider_36_1_wrapper\" data-source=\"gallery\" style=\"visibility:hidden;background:transparent;padding:0;\">\n\t\t\t\t<rs-module id=\"rev_slider_36_1\" style=\"\" data-version=\"6.7.40\">\n\t\t\t\t\t<rs-slides style=\"overflow: hidden; position: absolute;\">\n\t\t\t\t\t\t<rs-slide style=\"position: absolute;\" data-key=\"rs-34\" data-title=\"Main Slide\" data-anim=\"adpr:false;\" data-in=\"o:0;\" data-out=\"a:false;\">\n\t\t\t\t\t\t\t<img decoding=\"async\" src=\"\/\/sacromontegranada.com\/wp-content\/plugins\/revslider\/sr6\/assets\/assets\/dummy.png\" alt=\"Main Slide\" title=\"El Valle del r\u00edo Darro\" class=\"rev-slidebg tp-rs-img rs-lazyload\" data-lazyload=\"\/\/sacromontegranada.com\/wp-content\/plugins\/revslider\/sr6\/assets\/assets\/transparent.png\" data-no-retina>\n<!--\t\t\t\t\t\t--><rs-zone id=\"rrzm_34\" class=\"rev_row_zone_middle\" style=\"z-index: 8;\"><!--\n\n\t\t\t\t\t\t\t\t--><rs-row\n\t\t\t\t\t\t\t\t\tid=\"slider-36-slide-34-layer-3\" \n\t\t\t\t\t\t\t\t\tclass=\"rs_row_padding_resp\"\n\t\t\t\t\t\t\t\t\tdata-type=\"row\"\n\t\t\t\t\t\t\t\t\tdata-xy=\"xo:50px;yo:50px;\"\n\t\t\t\t\t\t\t\t\tdata-rsp_bd=\"off\"\n\t\t\t\t\t\t\t\t\tdata-padding=\"t:12;r:12;b:12,12,12,5;l:12;\"\n\t\t\t\t\t\t\t\t\tdata-frame_0=\"o:1;\"\n\t\t\t\t\t\t\t\t\tdata-frame_999=\"o:0;st:w;sR:8700;sA:9000;\"\n\t\t\t\t\t\t\t\t\tstyle=\"z-index:7;\"\n\t\t\t\t\t\t\t\t><!--\n\t\t\t\t\t\t\t\t\t--><rs-column\n\t\t\t\t\t\t\t\t\t\tid=\"slider-36-slide-34-layer-4\" \n\t\t\t\t\t\t\t\t\t\tclass=\"rs_column_padding_resp\"\n\t\t\t\t\t\t\t\t\t\tdata-type=\"column\"\n\t\t\t\t\t\t\t\t\t\tdata-xy=\"xo:50px;yo:50px;\"\n\t\t\t\t\t\t\t\t\t\tdata-rsp_bd=\"off\"\n\t\t\t\t\t\t\t\t\t\tdata-column=\"w:100%;\"\n\t\t\t\t\t\t\t\t\t\tdata-padding=\"t:5;r:5;b:5;l:5;\"\n\t\t\t\t\t\t\t\t\t\tdata-frame_0=\"o:1;\"\n\t\t\t\t\t\t\t\t\t\tdata-frame_999=\"o:0;st:w;sR:8700;sA:9000;\"\n\t\t\t\t\t\t\t\t\t\tstyle=\"z-index:6;width:100%;\"\n\t\t\t\t\t\t\t\t\t><!--\n\t\t\t\t\t\t\t\t\t\t--><rs-layer\n\t\t\t\t\t\t\t\t\t\t\tid=\"slider-36-slide-34-layer-7\" \n\t\t\t\t\t\t\t\t\t\t\tclass=\"rs_main_title\"\n\t\t\t\t\t\t\t\t\t\t\tdata-type=\"text\"\n\t\t\t\t\t\t\t\t\t\t\tdata-color=\"#f9da93\"\n\t\t\t\t\t\t\t\t\t\t\tdata-rsp_ch=\"on\"\n\t\t\t\t\t\t\t\t\t\t\tdata-xy=\"xo:50px,50px,50px,19px;yo:290px,290px,290px,111px;\"\n\t\t\t\t\t\t\t\t\t\t\tdata-pos=\"r\"\n\t\t\t\t\t\t\t\t\t\t\tdata-text=\"w:normal;s:80,80,80,40;l:90,90,90,34;ls:-4,-4,-4,-1;fw:700;\"\n\t\t\t\t\t\t\t\t\t\t\tdata-dim=\"minh:0px,0px,0px,none;\"\n\t\t\t\t\t\t\t\t\t\t\tdata-tst=\"w:2px,2px,2px,1px;\"\n\t\t\t\t\t\t\t\t\t\t\tdata-disp=\"inline-block\"\n\t\t\t\t\t\t\t\t\t\t\tdata-frame_0=\"x:50,50,50,19;\"\n\t\t\t\t\t\t\t\t\t\t\tdata-frame_1=\"e:power2.out;st:1500;sp:800;sR:2050;\"\n\t\t\t\t\t\t\t\t\t\t\tdata-frame_999=\"o:0;st:w;sR:6150;\"\n\t\t\t\t\t\t\t\t\t\t\tstyle=\"z-index:6;font-family:'Poppins';display:inline-block;\"\n\t\t\t\t\t\t\t\t\t\t>EL VALLE DEL RIO DARRO \n\t\t\t\t\t\t\t\t\t\t<\/rs-layer><!--\n\t\t\t\t\t\t\t\t\t--><\/rs-column><!--\n\t\t\t\t\t\t\t\t--><\/rs-row><!--\n\n\t\t\t\t\t\t\t\t--><rs-row\n\t\t\t\t\t\t\t\t\tid=\"slider-36-slide-34-layer-14\" \n\t\t\t\t\t\t\t\t\tclass=\"rs_row_padding_resp\"\n\t\t\t\t\t\t\t\t\tdata-type=\"row\"\n\t\t\t\t\t\t\t\t\tdata-xy=\"xo:50px;yo:50px;\"\n\t\t\t\t\t\t\t\t\tdata-rsp_bd=\"off\"\n\t\t\t\t\t\t\t\t\tdata-padding=\"t:5;r:5;b:5;l:20;\"\n\t\t\t\t\t\t\t\t\tdata-frame_0=\"o:1;\"\n\t\t\t\t\t\t\t\t\tdata-frame_999=\"o:0;st:w;sR:8700;sA:9000;\"\n\t\t\t\t\t\t\t\t\tstyle=\"z-index:6;\"\n\t\t\t\t\t\t\t\t><!--\n\t\t\t\t\t\t\t\t\t--><rs-column\n\t\t\t\t\t\t\t\t\t\tid=\"slider-36-slide-34-layer-15\" \n\t\t\t\t\t\t\t\t\t\tclass=\"rs_column_padding_resp\"\n\t\t\t\t\t\t\t\t\t\tdata-type=\"column\"\n\t\t\t\t\t\t\t\t\t\tdata-xy=\"xo:50px;yo:50px;\"\n\t\t\t\t\t\t\t\t\t\tdata-rsp_bd=\"off\"\n\t\t\t\t\t\t\t\t\t\tdata-column=\"w:100%;\"\n\t\t\t\t\t\t\t\t\t\tdata-frame_0=\"o:1;\"\n\t\t\t\t\t\t\t\t\t\tdata-frame_999=\"o:0;st:w;sR:8700;sA:9000;\"\n\t\t\t\t\t\t\t\t\t\tstyle=\"z-index:6;width:100%;\"\n\t\t\t\t\t\t\t\t\t><!--\n\t\t\t\t\t\t\t\t\t\t--><rs-layer\n\t\t\t\t\t\t\t\t\t\t\tid=\"slider-36-slide-34-layer-16\" \n\t\t\t\t\t\t\t\t\t\t\tdata-type=\"text\"\n\t\t\t\t\t\t\t\t\t\t\tdata-color=\"#baf7d8\"\n\t\t\t\t\t\t\t\t\t\t\tdata-rsp_ch=\"on\"\n\t\t\t\t\t\t\t\t\t\t\tdata-xy=\"xo:50px,50px,50px,19px;yo:152px,152px,152px,57px;\"\n\t\t\t\t\t\t\t\t\t\t\tdata-pos=\"r\"\n\t\t\t\t\t\t\t\t\t\t\tdata-text=\"w:normal;s:40,40,40,20;l:50,50,50,19;fw:900;\"\n\t\t\t\t\t\t\t\t\t\t\tdata-dim=\"minh:0px,0px,0px,none;\"\n\t\t\t\t\t\t\t\t\t\t\tdata-tst=\"w:2px,2px,2px,1px;\"\n\t\t\t\t\t\t\t\t\t\t\tdata-frame_1=\"st:1800;sp:500;\"\n\t\t\t\t\t\t\t\t\t\t\tdata-frame_999=\"o:0;st:w;\"\n\t\t\t\t\t\t\t\t\t\t\tstyle=\"z-index:6;font-family:'Roboto';text-transform:uppercase;\"\n\t\t\t\t\t\t\t\t\t\t>Valpara\u00edso, un r\u00edo de oro \n\t\t\t\t\t\t\t\t\t\t<\/rs-layer><!--\n\t\t\t\t\t\t\t\t\t--><\/rs-column><!--\n\t\t\t\t\t\t\t\t--><\/rs-row><!--\n\t\t\t\t\t\t\t--><\/rs-zone><!--\n\n\t\t\t\t\t\t\t--><rs-layer\n\t\t\t\t\t\t\t\tid=\"slider-36-slide-34-layer-0\" \n\t\t\t\t\t\t\t\tclass=\"rs-fsv rs-nolc rs-layer-video intrinsic-ignore\"\n\t\t\t\t\t\t\t\tdata-type=\"video\"\n\t\t\t\t\t\t\t\tdata-rsp_ch=\"on\"\n\t\t\t\t\t\t\t\tdata-xy=\"x:0;y:0;\"\n\t\t\t\t\t\t\t\tdata-text=\"w:normal;s:20,20,20,7;l:0,0,0,9;\"\n\t\t\t\t\t\t\t\tdata-dim=\"w:100%;h:100%;\"\n\t\t\t\t\t\t\t\tdata-basealign=\"slide\"\n\t\t\t\t\t\t\t\tdata-video=\"vfc:true;vd:100;rwd:f;noint:t;fc:true;l:true;ptimer:false;nse:f;sav:f;inl:f;\"\n\t\t\t\t\t\t\t\tdata-poster=\"\/\/sacromontegranada.com\/wp-content\/uploads\/revslider\/video-media\/intro-valle-darro_34_layer.jpeg\"\n\t\t\t\t\t\t\t\tdata-mp4=\"\/\/sacromontegranada.com\/wp-content\/uploads\/2022\/12\/intro-valle-darro.mp4\"\n\t\t\t\t\t\t\t\tdata-frame_999=\"o:0;st:w;sR:8700;\"\n\t\t\t\t\t\t\t\tstyle=\"z-index:5;\"\n\t\t\t\t\t\t\t>\n\t\t\t\t\t\t\t<\/rs-layer><!--\n\n\t\t\t\t\t\t\t--><rs-layer\n\t\t\t\t\t\t\t\tid=\"slider-36-slide-34-layer-8\" \n\t\t\t\t\t\t\t\tdata-type=\"shape\"\n\t\t\t\t\t\t\t\tdata-rsp_ch=\"on\"\n\t\t\t\t\t\t\t\tdata-xy=\"x:c;y:m;\"\n\t\t\t\t\t\t\t\tdata-text=\"w:normal;s:20,20,20,7;l:0,0,0,9;\"\n\t\t\t\t\t\t\t\tdata-dim=\"w:100%;h:100%;\"\n\t\t\t\t\t\t\t\tdata-basealign=\"slide\"\n\t\t\t\t\t\t\t\tdata-frame_999=\"o:0;st:w;sR:8700;\"\n\t\t\t\t\t\t\t\tstyle=\"z-index:6;background-color:rgba(0,0,0,0.15);\"\n\t\t\t\t\t\t\t> \n\t\t\t\t\t\t\t<\/rs-layer><!--\n-->\t\t\t\t\t<\/rs-slide>\n\t\t\t\t\t<\/rs-slides>\n\t\t\t\t<\/rs-module>\n\t\t\t\t<script>\n\t\t\t\t\tsetREVStartSize({c: 'rev_slider_36_1',rl:[1240,1240,1240,480],el:[900,900,900,720],gw:[1240,1240,1240,480],gh:[900,900,900,720],type:'standard',justify:'',layout:'fullscreen',offsetContainer:'',offset:'',mh:\"0\"});if (window.RS_MODULES!==undefined && window.RS_MODULES.modules!==undefined && window.RS_MODULES.modules[\"revslider361\"]!==undefined) {window.RS_MODULES.modules[\"revslider361\"].once = false;window.revapi36 = undefined;if (window.RS_MODULES.checkMinimal!==undefined) window.RS_MODULES.checkMinimal()}\n\t\t\t\t<\/script>\n\t\t\t<\/rs-module-wrap>\n\t\t\t<!-- END REVOLUTION SLIDER -->\n<\/div>\n\n\t\t\t\t\t\t<\/div>\n\t\t\t\t<\/div>\n\t\t\t\t\t<\/div>\n\t\t<\/div>\n\t\t\t\t\t<\/div>\n\t\t<\/section>\n\t\t\t\t<section class=\"elementor-section elementor-top-section elementor-element elementor-element-730764b elementor-section-boxed elementor-section-height-default elementor-section-height-default\" data-id=\"730764b\" data-element_type=\"section\" data-e-type=\"section\">\n\t\t\t\t\t\t<div class=\"elementor-container elementor-column-gap-extended\">\n\t\t\t\t\t<div class=\"elementor-column elementor-col-100 elementor-top-column elementor-element elementor-element-52f638b sc_inner_width_none sc_content_align_inherit sc_layouts_column_icons_position_left\" data-id=\"52f638b\" data-element_type=\"column\" data-e-type=\"column\">\n\t\t\t<div class=\"elementor-widget-wrap elementor-element-populated\">\n\t\t\t\t\t\t<div class=\"elementor-element elementor-element-2e0dfb8 sc_height_medium animation_type_block sc_fly_static elementor-widget elementor-widget-spacer\" data-id=\"2e0dfb8\" data-element_type=\"widget\" data-e-type=\"widget\" data-widget_type=\"spacer.default\">\n\t\t\t\t<div class=\"elementor-widget-container\">\n\t\t\t\t\t\t\t<div class=\"elementor-spacer\">\n\t\t\t<div class=\"elementor-spacer-inner\"><\/div>\n\t\t<\/div>\n\t\t\t\t\t\t<\/div>\n\t\t\t\t<\/div>\n\t\t\t\t<div class=\"elementor-element elementor-element-746eb7e animation_type_block sc_fly_static elementor-widget elementor-widget-heading\" data-id=\"746eb7e\" data-element_type=\"widget\" data-e-type=\"widget\" data-widget_type=\"heading.default\">\n\t\t\t\t<div class=\"elementor-widget-container\">\n\t\t\t\t\t<h2 class=\"elementor-heading-title elementor-size-default\">Valpara\u00edso, <br>el valle del r\u00edo Darro<\/h2>\t\t\t\t<\/div>\n\t\t\t\t<\/div>\n\t\t\t\t\t<\/div>\n\t\t<\/div>\n\t\t\t\t\t<\/div>\n\t\t<\/section>\n\t\t\t\t<section class=\"elementor-section elementor-top-section elementor-element elementor-element-0b757ba elementor-section-boxed elementor-section-height-default elementor-section-height-default\" data-id=\"0b757ba\" data-element_type=\"section\" data-e-type=\"section\">\n\t\t\t\t\t\t<div class=\"elementor-container elementor-column-gap-extended\">\n\t\t\t\t\t<div class=\"elementor-column elementor-col-100 elementor-top-column elementor-element elementor-element-39509ec sc_inner_width_none sc_content_align_inherit sc_layouts_column_icons_position_left\" data-id=\"39509ec\" data-element_type=\"column\" data-e-type=\"column\">\n\t\t\t<div class=\"elementor-widget-wrap elementor-element-populated\">\n\t\t\t\t\t\t<div class=\"elementor-element elementor-element-424c438 sc_height_small animation_type_block sc_fly_static elementor-widget elementor-widget-spacer\" data-id=\"424c438\" data-element_type=\"widget\" data-e-type=\"widget\" data-widget_type=\"spacer.default\">\n\t\t\t\t<div class=\"elementor-widget-container\">\n\t\t\t\t\t\t\t<div class=\"elementor-spacer\">\n\t\t\t<div class=\"elementor-spacer-inner\"><\/div>\n\t\t<\/div>\n\t\t\t\t\t\t<\/div>\n\t\t\t\t<\/div>\n\t\t\t\t<div class=\"elementor-element elementor-element-0e05fbc animation_type_block sc_fly_static elementor-widget elementor-widget-text-editor\" data-id=\"0e05fbc\" data-element_type=\"widget\" data-e-type=\"widget\" data-widget_type=\"text-editor.default\">\n\t\t\t\t<div class=\"elementor-widget-container\">\n\t\t\t\t\t\t\t\t\t<h5><big>Podr\u00eda considerarse que todo el valle del Darro constituye un sistema hidr\u00e1ulico fundamentalmente de origen andalus\u00ed y, al contrario de lo ocurrido en otros lugares del entorno de Granada, en el Darro se conservan casi intactos sus trazados y huellas.<\/big><\/h5><h5 style=\"text-align: center;\"><big>Adquiere un car\u00e1cter que llega a ser m\u00edtico.<\/big><\/h5>\t\t\t\t\t\t\t\t<\/div>\n\t\t\t\t<\/div>\n\t\t\t\t<div class=\"elementor-element elementor-element-6e1d2cb sc_height_small animation_type_block sc_fly_static elementor-widget elementor-widget-spacer\" data-id=\"6e1d2cb\" data-element_type=\"widget\" data-e-type=\"widget\" data-widget_type=\"spacer.default\">\n\t\t\t\t<div class=\"elementor-widget-container\">\n\t\t\t\t\t\t\t<div class=\"elementor-spacer\">\n\t\t\t<div class=\"elementor-spacer-inner\"><\/div>\n\t\t<\/div>\n\t\t\t\t\t\t<\/div>\n\t\t\t\t<\/div>\n\t\t\t\t<div class=\"elementor-element elementor-element-908b417 animation_type_block sc_fly_static elementor-widget elementor-widget-image\" data-id=\"908b417\" data-element_type=\"widget\" data-e-type=\"widget\" data-widget_type=\"image.default\">\n\t\t\t\t<div class=\"elementor-widget-container\">\n\t\t\t\t\t\t\t\t\t\t\t\t\t\t\t<img fetchpriority=\"high\" decoding=\"async\" width=\"1280\" height=\"774\" src=\"https:\/\/sacromontegranada.com\/wp-content\/uploads\/2022\/10\/carmenes-del-darro.jpg\" class=\"attachment-full size-full wp-image-5782\" alt=\"\" srcset=\"https:\/\/sacromontegranada.com\/wp-content\/uploads\/2022\/10\/carmenes-del-darro.jpg 1280w, https:\/\/sacromontegranada.com\/wp-content\/uploads\/2022\/10\/carmenes-del-darro-300x181.jpg 300w, https:\/\/sacromontegranada.com\/wp-content\/uploads\/2022\/10\/carmenes-del-darro-1024x619.jpg 1024w, https:\/\/sacromontegranada.com\/wp-content\/uploads\/2022\/10\/carmenes-del-darro-768x464.jpg 768w, https:\/\/sacromontegranada.com\/wp-content\/uploads\/2022\/10\/carmenes-del-darro-370x224.jpg 370w, https:\/\/sacromontegranada.com\/wp-content\/uploads\/2022\/10\/carmenes-del-darro-770x466.jpg 770w, https:\/\/sacromontegranada.com\/wp-content\/uploads\/2022\/10\/carmenes-del-darro-600x363.jpg 600w\" sizes=\"(max-width: 1280px) 100vw, 1280px\" \/>\t\t\t\t\t\t\t\t\t\t\t\t\t\t\t<\/div>\n\t\t\t\t<\/div>\n\t\t\t\t\t<\/div>\n\t\t<\/div>\n\t\t\t\t\t<\/div>\n\t\t<\/section>\n\t\t\t\t<section class=\"elementor-section elementor-top-section elementor-element elementor-element-133133d elementor-section-boxed elementor-section-height-default elementor-section-height-default\" data-id=\"133133d\" data-element_type=\"section\" data-e-type=\"section\">\n\t\t\t\t\t\t<div class=\"elementor-container elementor-column-gap-extended\">\n\t\t\t\t\t<div class=\"elementor-column elementor-col-50 elementor-top-column elementor-element elementor-element-045dbfb sc_inner_width_none sc_content_align_inherit sc_layouts_column_icons_position_left\" data-id=\"045dbfb\" data-element_type=\"column\" data-e-type=\"column\">\n\t\t\t<div class=\"elementor-widget-wrap elementor-element-populated\">\n\t\t\t\t\t\t<div class=\"elementor-element elementor-element-4cc072a animation_type_block sc_fly_static elementor-widget elementor-widget-image\" data-id=\"4cc072a\" data-element_type=\"widget\" data-e-type=\"widget\" data-widget_type=\"image.default\">\n\t\t\t\t<div class=\"elementor-widget-container\">\n\t\t\t\t\t\t\t\t\t\t\t\t\t\t\t<img decoding=\"async\" width=\"1280\" height=\"1486\" src=\"https:\/\/sacromontegranada.com\/wp-content\/uploads\/2022\/10\/buscadores-de-oro.jpg\" class=\"attachment-full size-full wp-image-5781\" alt=\"\" srcset=\"https:\/\/sacromontegranada.com\/wp-content\/uploads\/2022\/10\/buscadores-de-oro.jpg 1280w, https:\/\/sacromontegranada.com\/wp-content\/uploads\/2022\/10\/buscadores-de-oro-258x300.jpg 258w, https:\/\/sacromontegranada.com\/wp-content\/uploads\/2022\/10\/buscadores-de-oro-882x1024.jpg 882w, https:\/\/sacromontegranada.com\/wp-content\/uploads\/2022\/10\/buscadores-de-oro-768x892.jpg 768w, https:\/\/sacromontegranada.com\/wp-content\/uploads\/2022\/10\/buscadores-de-oro-370x430.jpg 370w, https:\/\/sacromontegranada.com\/wp-content\/uploads\/2022\/10\/buscadores-de-oro-770x894.jpg 770w, https:\/\/sacromontegranada.com\/wp-content\/uploads\/2022\/10\/buscadores-de-oro-600x697.jpg 600w\" sizes=\"(max-width: 1280px) 100vw, 1280px\" \/>\t\t\t\t\t\t\t\t\t\t\t\t\t\t\t<\/div>\n\t\t\t\t<\/div>\n\t\t\t\t<div class=\"elementor-element elementor-element-fe24bde sc_height_tiny animation_type_block sc_fly_static elementor-widget elementor-widget-spacer\" data-id=\"fe24bde\" data-element_type=\"widget\" data-e-type=\"widget\" data-widget_type=\"spacer.default\">\n\t\t\t\t<div class=\"elementor-widget-container\">\n\t\t\t\t\t\t\t<div class=\"elementor-spacer\">\n\t\t\t<div class=\"elementor-spacer-inner\"><\/div>\n\t\t<\/div>\n\t\t\t\t\t\t<\/div>\n\t\t\t\t<\/div>\n\t\t\t\t\t<\/div>\n\t\t<\/div>\n\t\t\t\t<div class=\"elementor-column elementor-col-50 elementor-top-column elementor-element elementor-element-246e294 sc_inner_width_none sc_content_align_inherit sc_layouts_column_icons_position_left\" data-id=\"246e294\" data-element_type=\"column\" data-e-type=\"column\">\n\t\t\t<div class=\"elementor-widget-wrap elementor-element-populated\">\n\t\t\t\t\t\t<div class=\"elementor-element elementor-element-d09c401 animation_type_block sc_fly_static elementor-widget elementor-widget-heading\" data-id=\"d09c401\" data-element_type=\"widget\" data-e-type=\"widget\" data-widget_type=\"heading.default\">\n\t\t\t\t<div class=\"elementor-widget-container\">\n\t\t\t\t\t<h2 class=\"elementor-heading-title elementor-size-default\">Un r\u00edo de oro<\/h2>\t\t\t\t<\/div>\n\t\t\t\t<\/div>\n\t\t\t\t<div class=\"elementor-element elementor-element-fef5ae3 animation_type_block sc_fly_static elementor-widget elementor-widget-text-editor\" data-id=\"fef5ae3\" data-element_type=\"widget\" data-e-type=\"widget\" data-widget_type=\"text-editor.default\">\n\t\t\t\t<div class=\"elementor-widget-container\">\n\t\t\t\t\t\t\t\t\t<p><big>\u00abSu valor aumenta porque al tesoro de sus aires y de su vegetaci\u00f3n se une el oro de sus arenas. Haberlo lo hubo, lo que contribu\u00eda a conferirle un car\u00e1cter muy especial, \u00fanico, por supuesto superior al que ten\u00edan otros r\u00edos cercanos y aun lejanos, aunque fuesen m\u00e1s importantes por su caudal y su recorrido.<\/big><\/p><p><br \/><big>El Darro, dentro de su modestia, curso y caudal, fue siempre un elemento identificador de la fisonom\u00eda urbana de la capital granadina, hasta el punto de configurar gran parte de la morfolog\u00eda urbana de su casco hist\u00f3rico\u00bb<\/big><\/p>\t\t\t\t\t\t\t\t<\/div>\n\t\t\t\t<\/div>\n\t\t\t\t\t<\/div>\n\t\t<\/div>\n\t\t\t\t\t<\/div>\n\t\t<\/section>\n\t\t\t\t<section class=\"elementor-section elementor-top-section elementor-element elementor-element-f9b042b elementor-section-boxed elementor-section-height-default elementor-section-height-default\" data-id=\"f9b042b\" data-element_type=\"section\" data-e-type=\"section\">\n\t\t\t\t\t\t<div class=\"elementor-container elementor-column-gap-extended\">\n\t\t\t\t\t<div class=\"elementor-column elementor-col-100 elementor-top-column elementor-element elementor-element-8bb6d41 sc_inner_width_none sc_content_align_inherit sc_layouts_column_icons_position_left\" data-id=\"8bb6d41\" data-element_type=\"column\" data-e-type=\"column\">\n\t\t\t<div class=\"elementor-widget-wrap elementor-element-populated\">\n\t\t\t\t\t\t<div class=\"elementor-element elementor-element-5634a1e sc_height_medium animation_type_block sc_fly_static elementor-widget elementor-widget-spacer\" data-id=\"5634a1e\" data-element_type=\"widget\" data-e-type=\"widget\" data-widget_type=\"spacer.default\">\n\t\t\t\t<div class=\"elementor-widget-container\">\n\t\t\t\t\t\t\t<div class=\"elementor-spacer\">\n\t\t\t<div class=\"elementor-spacer-inner\"><\/div>\n\t\t<\/div>\n\t\t\t\t\t\t<\/div>\n\t\t\t\t<\/div>\n\t\t\t\t<div class=\"elementor-element elementor-element-ec4dbb5 animation_type_block sc_fly_static elementor-widget elementor-widget-text-editor\" data-id=\"ec4dbb5\" data-element_type=\"widget\" data-e-type=\"widget\" data-widget_type=\"text-editor.default\">\n\t\t\t\t<div class=\"elementor-widget-container\">\n\t\t\t\t\t\t\t\t\t<p style=\"text-align: center;\"><span class=\"trx_addons_tiny_text\"><em><big>\u00abGranada es la flor dejada por el curso de este rio\u00bb<\/big><\/em><\/span><\/p><p style=\"text-align: center;\">Alfredo Lombardo (Poeta)<\/p><h5><big>El gran patrimonio cultural que se asienta en sus laderas da testimonio del valor y la influencia del rio en la ciudad. Resaltan por su importancia la Alhambra, el Albaic\u00edn y el Sacromonte con su flamenco reconocidos por la UNESCO como patrimonios de la humanidad.<\/big><\/h5>\t\t\t\t\t\t\t\t<\/div>\n\t\t\t\t<\/div>\n\t\t\t\t<div class=\"elementor-element elementor-element-e96f112 elementor-widget-divider--separator-type-pattern elementor-widget-divider--no-spacing elementor-widget-divider--view-line animation_type_block sc_fly_static elementor-widget elementor-widget-divider\" data-id=\"e96f112\" data-element_type=\"widget\" data-e-type=\"widget\" data-widget_type=\"divider.default\">\n\t\t\t\t<div class=\"elementor-widget-container\">\n\t\t\t\t\t\t\t<div class=\"elementor-divider\" style=\"--divider-pattern-url: url(&quot;data:image\/svg+xml,%3Csvg xmlns=&#039;http:\/\/www.w3.org\/2000\/svg&#039; preserveAspectRatio=&#039;xMidYMid meet&#039; overflow=&#039;visible&#039; height=&#039;100%&#039; viewBox=&#039;0 0 126 26&#039; fill=&#039;black&#039; stroke=&#039;none&#039;%3E%3Cpath d=&#039;M3,10.2c2.6,0,2.6,2,2.6,3.2S4.4,16.5,3,16.5s-3-1.4-3-3.2S0.4,10.2,3,10.2z M18.8,10.2c1.7,0,3.2,1.4,3.2,3.2s-1.4,3.2-3.2,3.2c-1.7,0-3.2-1.4-3.2-3.2S17,10.2,18.8,10.2z M34.6,10.2c1.5,0,2.6,1.4,2.6,3.2s-0.5,3.2-1.9,3.2c-1.5,0-3.4-1.4-3.4-3.2S33.1,10.2,34.6,10.2z M50.5,10.2c1.7,0,3.2,1.4,3.2,3.2s-1.4,3.2-3.2,3.2c-1.7,0-3.3-0.9-3.3-2.6S48.7,10.2,50.5,10.2z M66.2,10.2c1.5,0,3.4,1.4,3.4,3.2s-1.9,3.2-3.4,3.2c-1.5,0-2.6-0.4-2.6-2.1S64.8,10.2,66.2,10.2z M82.2,10.2c1.7,0.8,2.6,1.4,2.6,3.2s-0.1,3.2-1.6,3.2c-1.5,0-3.7-1.4-3.7-3.2S80.5,9.4,82.2,10.2zM98.6,10.2c1.5,0,2.6,0.4,2.6,2.1s-1.2,4.2-2.6,4.2c-1.5,0-3.7-0.4-3.7-2.1S97.1,10.2,98.6,10.2z M113.4,10.2c1.2,0,2.2,0.9,2.2,3.2s-0.1,3.2-1.3,3.2s-3.1-1.4-3.1-3.2S112.2,10.2,113.4,10.2z&#039;\/%3E%3C\/svg%3E&quot;);\">\n\t\t\t<span class=\"elementor-divider-separator\">\n\t\t\t\t\t\t<\/span>\n\t\t<\/div>\n\t\t\t\t\t\t<\/div>\n\t\t\t\t<\/div>\n\t\t\t\t<div class=\"elementor-element elementor-element-7e19841 sc_height_small animation_type_block sc_fly_static elementor-widget elementor-widget-spacer\" data-id=\"7e19841\" data-element_type=\"widget\" data-e-type=\"widget\" data-widget_type=\"spacer.default\">\n\t\t\t\t<div class=\"elementor-widget-container\">\n\t\t\t\t\t\t\t<div class=\"elementor-spacer\">\n\t\t\t<div class=\"elementor-spacer-inner\"><\/div>\n\t\t<\/div>\n\t\t\t\t\t\t<\/div>\n\t\t\t\t<\/div>\n\t\t\t\t\t<\/div>\n\t\t<\/div>\n\t\t\t\t\t<\/div>\n\t\t<\/section>\n\t\t\t\t<section class=\"elementor-section elementor-top-section elementor-element elementor-element-d2def6b elementor-section-boxed elementor-section-height-default elementor-section-height-default\" data-id=\"d2def6b\" data-element_type=\"section\" data-e-type=\"section\">\n\t\t\t\t\t\t<div class=\"elementor-container elementor-column-gap-extended\">\n\t\t\t\t\t<div class=\"elementor-column elementor-col-33 elementor-top-column elementor-element elementor-element-9de85a2 sc_inner_width_none sc_content_align_inherit sc_layouts_column_icons_position_left\" data-id=\"9de85a2\" data-element_type=\"column\" data-e-type=\"column\">\n\t\t\t<div class=\"elementor-widget-wrap elementor-element-populated\">\n\t\t\t\t\t\t<div class=\"elementor-element elementor-element-9594ead animation_type_block sc_fly_static elementor-widget elementor-widget-heading\" data-id=\"9594ead\" data-element_type=\"widget\" data-e-type=\"widget\" data-widget_type=\"heading.default\">\n\t\t\t\t<div class=\"elementor-widget-container\">\n\t\t\t\t\t<h2 class=\"elementor-heading-title elementor-size-default\">El r\u00edo Darro<\/h2>\t\t\t\t<\/div>\n\t\t\t\t<\/div>\n\t\t\t\t<div class=\"elementor-element elementor-element-dc79757 sc_height_small animation_type_block sc_fly_static elementor-widget elementor-widget-spacer\" data-id=\"dc79757\" data-element_type=\"widget\" data-e-type=\"widget\" data-widget_type=\"spacer.default\">\n\t\t\t\t<div class=\"elementor-widget-container\">\n\t\t\t\t\t\t\t<div class=\"elementor-spacer\">\n\t\t\t<div class=\"elementor-spacer-inner\"><\/div>\n\t\t<\/div>\n\t\t\t\t\t\t<\/div>\n\t\t\t\t<\/div>\n\t\t\t\t<div class=\"elementor-element elementor-element-986c80e animation_type_block sc_fly_static elementor-widget elementor-widget-text-editor\" data-id=\"986c80e\" data-element_type=\"widget\" data-e-type=\"widget\" data-widget_type=\"text-editor.default\">\n\t\t\t\t<div class=\"elementor-widget-container\">\n\t\t\t\t\t\t\t\t\t<p><strong>(su toponimia deriva de <em>aurum<\/em>, oro en lat\u00edn).<\/strong><\/p>\t\t\t\t\t\t\t\t<\/div>\n\t\t\t\t<\/div>\n\t\t\t\t\t<\/div>\n\t\t<\/div>\n\t\t\t\t<div class=\"elementor-column elementor-col-33 elementor-top-column elementor-element elementor-element-bbb813d sc_inner_width_none sc_content_align_inherit sc_layouts_column_icons_position_left\" data-id=\"bbb813d\" data-element_type=\"column\" data-e-type=\"column\">\n\t\t\t<div class=\"elementor-widget-wrap elementor-element-populated\">\n\t\t\t\t\t\t<div class=\"elementor-element elementor-element-098901a animation_type_block sc_fly_static elementor-widget elementor-widget-text-editor\" data-id=\"098901a\" data-element_type=\"widget\" data-e-type=\"widget\" data-widget_type=\"text-editor.default\">\n\t\t\t\t<div class=\"elementor-widget-container\">\n\t\t\t\t\t\t\t\t\t<p>Con un recorrido total de unos 22 km, forma (junto al Genil, el Beiro, el Monachil y el D\u00edlar) la red fluvial del entorno urbano de Granada. Esta red, perteneciente a la cuenca hidrogr\u00e1fica del Guadalquivir y por tanto al dominio atl\u00e1ntico, se genera en los relieves situados al este, nordeste y sureste de la ciudad dentro de los macizos monta\u00f1osos de Sierra Nevada, Sierra Arana y la sierra de Hu\u00e9tor.<\/p><p>Su entrada en Granada se produce de forma gradual, en una separaci\u00f3n no abrupta entre el campo y la ciudad.<\/p>\t\t\t\t\t\t\t\t<\/div>\n\t\t\t\t<\/div>\n\t\t\t\t\t<\/div>\n\t\t<\/div>\n\t\t\t\t<div class=\"elementor-column elementor-col-33 elementor-top-column elementor-element elementor-element-a7ddf23 sc_inner_width_none sc_content_align_inherit sc_layouts_column_icons_position_left\" data-id=\"a7ddf23\" data-element_type=\"column\" data-e-type=\"column\">\n\t\t\t<div class=\"elementor-widget-wrap elementor-element-populated\">\n\t\t\t\t\t\t<div class=\"elementor-element elementor-element-05be9a2 animation_type_block sc_fly_static elementor-widget elementor-widget-text-editor\" data-id=\"05be9a2\" data-element_type=\"widget\" data-e-type=\"widget\" data-widget_type=\"text-editor.default\">\n\t\t\t\t<div class=\"elementor-widget-container\">\n\t\t\t\t\t\t\t\t\t<p>El cauce natural de nuestro rio beneficia a Granada de una red de acequias definidas y organizadas topogr\u00e1fica y cronol\u00f3gicamente, as\u00ed es que la parte llana de la ciudad y la Alhambra se nutren de estas acequias que salen de una presa del Darro, punto de toma de agua de la acequia Real destinada a la Alhambra y la de la ciudad que se divide en dos ramales: el que va por la margen derecha recibi\u00f3 el nombre de Axares y el de la izquierda, Romayla, que tras la Conquista cristiana, cuando los barrios pasaron a ser parroquias, se denominaron, respectivamente, San Juan de los Reyes y Santa Ana.<\/p><p>Existe una seria diferencia entre el tramo alto y el bajo de este rio.<\/p>\t\t\t\t\t\t\t\t<\/div>\n\t\t\t\t<\/div>\n\t\t\t\t\t<\/div>\n\t\t<\/div>\n\t\t\t\t\t<\/div>\n\t\t<\/section>\n\t\t\t\t<section class=\"elementor-section elementor-top-section elementor-element elementor-element-3299ecf elementor-section-boxed elementor-section-height-default elementor-section-height-default\" data-id=\"3299ecf\" data-element_type=\"section\" data-e-type=\"section\">\n\t\t\t\t\t\t<div class=\"elementor-container elementor-column-gap-extended\">\n\t\t\t\t\t<div class=\"elementor-column elementor-col-100 elementor-top-column elementor-element elementor-element-813a28e sc_inner_width_none sc_content_align_inherit sc_layouts_column_icons_position_left\" data-id=\"813a28e\" data-element_type=\"column\" data-e-type=\"column\">\n\t\t\t<div class=\"elementor-widget-wrap elementor-element-populated\">\n\t\t\t\t\t\t<div class=\"elementor-element elementor-element-3123e5a sc_height_small animation_type_block sc_fly_static elementor-widget elementor-widget-spacer\" data-id=\"3123e5a\" data-element_type=\"widget\" data-e-type=\"widget\" data-widget_type=\"spacer.default\">\n\t\t\t\t<div class=\"elementor-widget-container\">\n\t\t\t\t\t\t\t<div class=\"elementor-spacer\">\n\t\t\t<div class=\"elementor-spacer-inner\"><\/div>\n\t\t<\/div>\n\t\t\t\t\t\t<\/div>\n\t\t\t\t<\/div>\n\t\t\t\t<div class=\"elementor-element elementor-element-daefd3a animation_type_block sc_fly_static elementor-widget elementor-widget-image\" data-id=\"daefd3a\" data-element_type=\"widget\" data-e-type=\"widget\" data-widget_type=\"image.default\">\n\t\t\t\t<div class=\"elementor-widget-container\">\n\t\t\t\t\t\t\t\t\t\t\t\t\t\t\t<img decoding=\"async\" width=\"1280\" height=\"720\" src=\"https:\/\/sacromontegranada.com\/wp-content\/uploads\/2022\/10\/valle-desde-jesus.jpg\" class=\"attachment-full size-full wp-image-5785\" alt=\"\" srcset=\"https:\/\/sacromontegranada.com\/wp-content\/uploads\/2022\/10\/valle-desde-jesus.jpg 1280w, https:\/\/sacromontegranada.com\/wp-content\/uploads\/2022\/10\/valle-desde-jesus-300x169.jpg 300w, https:\/\/sacromontegranada.com\/wp-content\/uploads\/2022\/10\/valle-desde-jesus-1024x576.jpg 1024w, https:\/\/sacromontegranada.com\/wp-content\/uploads\/2022\/10\/valle-desde-jesus-768x432.jpg 768w, https:\/\/sacromontegranada.com\/wp-content\/uploads\/2022\/10\/valle-desde-jesus-370x208.jpg 370w, https:\/\/sacromontegranada.com\/wp-content\/uploads\/2022\/10\/valle-desde-jesus-1170x658.jpg 1170w, https:\/\/sacromontegranada.com\/wp-content\/uploads\/2022\/10\/valle-desde-jesus-770x433.jpg 770w, https:\/\/sacromontegranada.com\/wp-content\/uploads\/2022\/10\/valle-desde-jesus-600x338.jpg 600w, https:\/\/sacromontegranada.com\/wp-content\/uploads\/2022\/10\/valle-desde-jesus-270x152.jpg 270w\" sizes=\"(max-width: 1280px) 100vw, 1280px\" \/>\t\t\t\t\t\t\t\t\t\t\t\t\t\t\t<\/div>\n\t\t\t\t<\/div>\n\t\t\t\t<div class=\"elementor-element elementor-element-a7860f2 sc_height_small animation_type_block sc_fly_static elementor-widget elementor-widget-spacer\" data-id=\"a7860f2\" data-element_type=\"widget\" data-e-type=\"widget\" data-widget_type=\"spacer.default\">\n\t\t\t\t<div class=\"elementor-widget-container\">\n\t\t\t\t\t\t\t<div class=\"elementor-spacer\">\n\t\t\t<div class=\"elementor-spacer-inner\"><\/div>\n\t\t<\/div>\n\t\t\t\t\t\t<\/div>\n\t\t\t\t<\/div>\n\t\t\t\t\t<\/div>\n\t\t<\/div>\n\t\t\t\t\t<\/div>\n\t\t<\/section>\n\t\t\t\t<section class=\"elementor-section elementor-top-section elementor-element elementor-element-c7cd61b elementor-section-boxed elementor-section-height-default elementor-section-height-default\" data-id=\"c7cd61b\" data-element_type=\"section\" data-e-type=\"section\">\n\t\t\t\t\t\t<div class=\"elementor-container elementor-column-gap-extended\">\n\t\t\t\t\t<div class=\"elementor-column elementor-col-100 elementor-top-column elementor-element elementor-element-d2bd9f2 sc_inner_width_none sc_content_align_inherit sc_layouts_column_icons_position_left\" data-id=\"d2bd9f2\" data-element_type=\"column\" data-e-type=\"column\">\n\t\t\t<div class=\"elementor-widget-wrap elementor-element-populated\">\n\t\t\t\t\t\t<div class=\"elementor-element elementor-element-3990ac2 animation_type_block sc_fly_static elementor-widget elementor-widget-text-editor\" data-id=\"3990ac2\" data-element_type=\"widget\" data-e-type=\"widget\" data-widget_type=\"text-editor.default\">\n\t\t\t\t<div class=\"elementor-widget-container\">\n\t\t\t\t\t\t\t\t\t<p><big>En un punto m\u00e1s arriba del curso del Darro encontramos la hacienda de Jes\u00fas del Valle, que fu\u00e9 una explotaci\u00f3n mon\u00e1stica gestionada por los jesuitas, dotada de todos los servicios necesarios para una buena productividad. En ella, adem\u00e1s de la parte residencial, se encontraba otra productiva, con un molino de aceite movido por tracci\u00f3n animal y un molino harinero, de los que ya hemos hecho referencia y hay ejemplares diferentes en torno al Darro alimentados por el agua de sus acequias.<\/big><\/p>\t\t\t\t\t\t\t\t<\/div>\n\t\t\t\t<\/div>\n\t\t\t\t\t<\/div>\n\t\t<\/div>\n\t\t\t\t\t<\/div>\n\t\t<\/section>\n\t\t\t\t<section class=\"elementor-section elementor-top-section elementor-element elementor-element-76c04be elementor-section-boxed elementor-section-height-default elementor-section-height-default\" data-id=\"76c04be\" data-element_type=\"section\" data-e-type=\"section\">\n\t\t\t\t\t\t<div class=\"elementor-container elementor-column-gap-extended\">\n\t\t\t\t\t<div class=\"elementor-column elementor-col-100 elementor-top-column elementor-element elementor-element-028c885 sc_inner_width_none sc_content_align_inherit sc_layouts_column_icons_position_left\" data-id=\"028c885\" data-element_type=\"column\" data-e-type=\"column\">\n\t\t\t<div class=\"elementor-widget-wrap elementor-element-populated\">\n\t\t\t\t\t\t<div class=\"elementor-element elementor-element-f49c4bb sc_height_small animation_type_block sc_fly_static elementor-widget elementor-widget-spacer\" data-id=\"f49c4bb\" data-element_type=\"widget\" data-e-type=\"widget\" data-widget_type=\"spacer.default\">\n\t\t\t\t<div class=\"elementor-widget-container\">\n\t\t\t\t\t\t\t<div class=\"elementor-spacer\">\n\t\t\t<div class=\"elementor-spacer-inner\"><\/div>\n\t\t<\/div>\n\t\t\t\t\t\t<\/div>\n\t\t\t\t<\/div>\n\t\t\t\t<div class=\"elementor-element elementor-element-9a8b491 animation_type_block sc_fly_static elementor-widget elementor-widget-image\" data-id=\"9a8b491\" data-element_type=\"widget\" data-e-type=\"widget\" data-widget_type=\"image.default\">\n\t\t\t\t<div class=\"elementor-widget-container\">\n\t\t\t\t\t\t\t\t\t\t\t\t\t\t\t<img loading=\"lazy\" decoding=\"async\" width=\"1280\" height=\"720\" src=\"https:\/\/sacromontegranada.com\/wp-content\/uploads\/2022\/10\/dehesa.jpg\" class=\"attachment-full size-full wp-image-5783\" alt=\"\" srcset=\"https:\/\/sacromontegranada.com\/wp-content\/uploads\/2022\/10\/dehesa.jpg 1280w, https:\/\/sacromontegranada.com\/wp-content\/uploads\/2022\/10\/dehesa-300x169.jpg 300w, https:\/\/sacromontegranada.com\/wp-content\/uploads\/2022\/10\/dehesa-1024x576.jpg 1024w, https:\/\/sacromontegranada.com\/wp-content\/uploads\/2022\/10\/dehesa-768x432.jpg 768w, https:\/\/sacromontegranada.com\/wp-content\/uploads\/2022\/10\/dehesa-370x208.jpg 370w, https:\/\/sacromontegranada.com\/wp-content\/uploads\/2022\/10\/dehesa-1170x658.jpg 1170w, https:\/\/sacromontegranada.com\/wp-content\/uploads\/2022\/10\/dehesa-770x433.jpg 770w, https:\/\/sacromontegranada.com\/wp-content\/uploads\/2022\/10\/dehesa-600x338.jpg 600w, https:\/\/sacromontegranada.com\/wp-content\/uploads\/2022\/10\/dehesa-270x152.jpg 270w\" sizes=\"(max-width: 1280px) 100vw, 1280px\" \/>\t\t\t\t\t\t\t\t\t\t\t\t\t\t\t<\/div>\n\t\t\t\t<\/div>\n\t\t\t\t<div class=\"elementor-element elementor-element-6685064 sc_height_small animation_type_block sc_fly_static elementor-widget elementor-widget-spacer\" data-id=\"6685064\" data-element_type=\"widget\" data-e-type=\"widget\" data-widget_type=\"spacer.default\">\n\t\t\t\t<div class=\"elementor-widget-container\">\n\t\t\t\t\t\t\t<div class=\"elementor-spacer\">\n\t\t\t<div class=\"elementor-spacer-inner\"><\/div>\n\t\t<\/div>\n\t\t\t\t\t\t<\/div>\n\t\t\t\t<\/div>\n\t\t\t\t\t<\/div>\n\t\t<\/div>\n\t\t\t\t\t<\/div>\n\t\t<\/section>\n\t\t\t\t<section class=\"elementor-section elementor-top-section elementor-element elementor-element-dfe5159 elementor-section-boxed elementor-section-height-default elementor-section-height-default\" data-id=\"dfe5159\" data-element_type=\"section\" data-e-type=\"section\">\n\t\t\t\t\t\t<div class=\"elementor-container elementor-column-gap-extended\">\n\t\t\t\t\t<div class=\"elementor-column elementor-col-100 elementor-top-column elementor-element elementor-element-b7cd9fe sc_inner_width_none sc_content_align_inherit sc_layouts_column_icons_position_left\" data-id=\"b7cd9fe\" data-element_type=\"column\" data-e-type=\"column\">\n\t\t\t<div class=\"elementor-widget-wrap elementor-element-populated\">\n\t\t\t\t\t\t<div class=\"elementor-element elementor-element-d6619c1 animation_type_block sc_fly_static elementor-widget elementor-widget-text-editor\" data-id=\"d6619c1\" data-element_type=\"widget\" data-e-type=\"widget\" data-widget_type=\"text-editor.default\">\n\t\t\t\t<div class=\"elementor-widget-container\">\n\t\t\t\t\t\t\t\t\t<p><big>El paisaje que observamos en el valle nos muestra ante todo un uso agr\u00edcola, que en tiempos no muy lejanos serv\u00eda de abastecimiento a la ciudad, suministrando verduras y hortalizas. En cambio, ya en el interior de Granada, el r\u00edo fue utilizado de diferentes maneras teniendo una gran importancia su uso industrial en las curtidur\u00edas y tener\u00edas, como ponen de manifiesto las referencias a molinos que se situaban aprovechando las acequias, abastecidas y muy cercanas al curso del r\u00edo.<\/big><\/p>\t\t\t\t\t\t\t\t<\/div>\n\t\t\t\t<\/div>\n\t\t\t\t\t<\/div>\n\t\t<\/div>\n\t\t\t\t\t<\/div>\n\t\t<\/section>\n\t\t\t\t<section class=\"elementor-section elementor-top-section elementor-element elementor-element-c56725d elementor-section-boxed elementor-section-height-default elementor-section-height-default\" data-id=\"c56725d\" data-element_type=\"section\" data-e-type=\"section\">\n\t\t\t\t\t\t<div class=\"elementor-container elementor-column-gap-extended\">\n\t\t\t\t\t<div class=\"elementor-column elementor-col-100 elementor-top-column elementor-element elementor-element-891241e sc_inner_width_none sc_content_align_inherit sc_layouts_column_icons_position_left\" data-id=\"891241e\" data-element_type=\"column\" data-e-type=\"column\">\n\t\t\t<div class=\"elementor-widget-wrap elementor-element-populated\">\n\t\t\t\t\t\t<div class=\"elementor-element elementor-element-533ebd7 sc_height_small animation_type_block sc_fly_static elementor-widget elementor-widget-spacer\" data-id=\"533ebd7\" data-element_type=\"widget\" data-e-type=\"widget\" data-widget_type=\"spacer.default\">\n\t\t\t\t<div class=\"elementor-widget-container\">\n\t\t\t\t\t\t\t<div class=\"elementor-spacer\">\n\t\t\t<div class=\"elementor-spacer-inner\"><\/div>\n\t\t<\/div>\n\t\t\t\t\t\t<\/div>\n\t\t\t\t<\/div>\n\t\t\t\t<div class=\"elementor-element elementor-element-b6d1996 animation_type_block sc_fly_static elementor-widget elementor-widget-image\" data-id=\"b6d1996\" data-element_type=\"widget\" data-e-type=\"widget\" data-widget_type=\"image.default\">\n\t\t\t\t<div class=\"elementor-widget-container\">\n\t\t\t\t\t\t\t\t\t\t\t\t\t\t\t<img loading=\"lazy\" decoding=\"async\" width=\"1280\" height=\"606\" src=\"https:\/\/sacromontegranada.com\/wp-content\/uploads\/2022\/10\/gemelos.jpg\" class=\"attachment-full size-full wp-image-5784\" alt=\"\" srcset=\"https:\/\/sacromontegranada.com\/wp-content\/uploads\/2022\/10\/gemelos.jpg 1280w, https:\/\/sacromontegranada.com\/wp-content\/uploads\/2022\/10\/gemelos-300x142.jpg 300w, https:\/\/sacromontegranada.com\/wp-content\/uploads\/2022\/10\/gemelos-1024x485.jpg 1024w, https:\/\/sacromontegranada.com\/wp-content\/uploads\/2022\/10\/gemelos-768x364.jpg 768w, https:\/\/sacromontegranada.com\/wp-content\/uploads\/2022\/10\/gemelos-370x175.jpg 370w, https:\/\/sacromontegranada.com\/wp-content\/uploads\/2022\/10\/gemelos-770x365.jpg 770w, https:\/\/sacromontegranada.com\/wp-content\/uploads\/2022\/10\/gemelos-600x284.jpg 600w\" sizes=\"(max-width: 1280px) 100vw, 1280px\" \/>\t\t\t\t\t\t\t\t\t\t\t\t\t\t\t<\/div>\n\t\t\t\t<\/div>\n\t\t\t\t<div class=\"elementor-element elementor-element-684a717 sc_height_small animation_type_block sc_fly_static elementor-widget elementor-widget-spacer\" data-id=\"684a717\" data-element_type=\"widget\" data-e-type=\"widget\" data-widget_type=\"spacer.default\">\n\t\t\t\t<div class=\"elementor-widget-container\">\n\t\t\t\t\t\t\t<div class=\"elementor-spacer\">\n\t\t\t<div class=\"elementor-spacer-inner\"><\/div>\n\t\t<\/div>\n\t\t\t\t\t\t<\/div>\n\t\t\t\t<\/div>\n\t\t\t\t\t<\/div>\n\t\t<\/div>\n\t\t\t\t\t<\/div>\n\t\t<\/section>\n\t\t\t\t<section class=\"elementor-section elementor-top-section elementor-element elementor-element-65b746c elementor-section-boxed elementor-section-height-default elementor-section-height-default\" data-id=\"65b746c\" data-element_type=\"section\" data-e-type=\"section\">\n\t\t\t\t\t\t<div class=\"elementor-container elementor-column-gap-extended\">\n\t\t\t\t\t<div class=\"elementor-column elementor-col-100 elementor-top-column elementor-element elementor-element-fbc5cc8 sc_inner_width_none sc_content_align_inherit sc_layouts_column_icons_position_left\" data-id=\"fbc5cc8\" data-element_type=\"column\" data-e-type=\"column\">\n\t\t\t<div class=\"elementor-widget-wrap elementor-element-populated\">\n\t\t\t\t\t\t<div class=\"elementor-element elementor-element-c537fc6 animation_type_block sc_fly_static elementor-widget elementor-widget-text-editor\" data-id=\"c537fc6\" data-element_type=\"widget\" data-e-type=\"widget\" data-widget_type=\"text-editor.default\">\n\t\t\t\t<div class=\"elementor-widget-container\">\n\t\t\t\t\t\t\t\t\t<p><big>Ya en tiempos m\u00e1s recientes se han cultivado flores, que ten\u00edan su salida econ\u00f3mica en oto\u00f1o, sobre todo para el d\u00eda de Todos los Santos. El trabajo era llevado a cabo por las unidades familiares pero era habitual asimismo el empleo de mano de obra ocasional, acudiendo especialmente la poblaci\u00f3n del Sacromonte, que tambi\u00e9n, en buena medida, buscaba hacer jornales en la vega granadina.<\/big><\/p><p style=\"text-align: center;\"><span class=\"trx_addons_tiny_text\"><strong><big><em>\u201c<\/em><em>Para los barcos de vela<\/em><em><br \/>Sevilla tiene un camino;<br \/>por el agua de Granada<br \/>s\u00f3lo reman los suspiros\u201d <\/em><\/big><\/strong><\/span><\/p><p style=\"text-align: center;\"><big><em>Federico Garc\u00eda Lorca<\/em><\/big><\/p><p style=\"text-align: center;\"><strong><big>El Darro es un r\u00edo que conduce al para\u00edso, esa es la ense\u00f1anza que sacamos de manera inmediata.\u00a0 \u00a0<\/big><\/strong><\/p><p style=\"text-align: center;\"><strong><big>Su alteraci\u00f3n supondr\u00eda la p\u00e9rdida de un valioso patrimonio que debemos conservar y proteger.<\/big><\/strong><\/p>\t\t\t\t\t\t\t\t<\/div>\n\t\t\t\t<\/div>\n\t\t\t\t\t<\/div>\n\t\t<\/div>\n\t\t\t\t\t<\/div>\n\t\t<\/section>\n\t\t\t\t<section class=\"elementor-section elementor-top-section elementor-element elementor-element-d49b4d4 elementor-section-boxed elementor-section-height-default elementor-section-height-default\" data-id=\"d49b4d4\" data-element_type=\"section\" data-e-type=\"section\">\n\t\t\t\t\t\t<div class=\"elementor-container elementor-column-gap-extended\">\n\t\t\t\t\t<div class=\"elementor-column elementor-col-100 elementor-top-column elementor-element elementor-element-03d5a8a sc_inner_width_none sc_content_align_inherit sc_layouts_column_icons_position_left\" data-id=\"03d5a8a\" data-element_type=\"column\" data-e-type=\"column\">\n\t\t\t<div class=\"elementor-widget-wrap elementor-element-populated\">\n\t\t\t\t\t\t<div class=\"elementor-element elementor-element-944558c sc_height_medium animation_type_block sc_fly_static elementor-widget elementor-widget-spacer\" data-id=\"944558c\" data-element_type=\"widget\" data-e-type=\"widget\" data-widget_type=\"spacer.default\">\n\t\t\t\t<div class=\"elementor-widget-container\">\n\t\t\t\t\t\t\t<div class=\"elementor-spacer\">\n\t\t\t<div class=\"elementor-spacer-inner\"><\/div>\n\t\t<\/div>\n\t\t\t\t\t\t<\/div>\n\t\t\t\t<\/div>\n\t\t\t\t<div class=\"elementor-element elementor-element-e1f0b11 animation_type_block sc_fly_static elementor-widget elementor-widget-image\" data-id=\"e1f0b11\" data-element_type=\"widget\" data-e-type=\"widget\" data-widget_type=\"image.default\">\n\t\t\t\t<div class=\"elementor-widget-container\">\n\t\t\t\t\t\t\t\t\t\t\t\t\t\t\t<img loading=\"lazy\" decoding=\"async\" width=\"1280\" height=\"603\" src=\"https:\/\/sacromontegranada.com\/wp-content\/uploads\/2022\/10\/arcoiris.jpg\" class=\"attachment-full size-full wp-image-5780\" alt=\"\" srcset=\"https:\/\/sacromontegranada.com\/wp-content\/uploads\/2022\/10\/arcoiris.jpg 1280w, https:\/\/sacromontegranada.com\/wp-content\/uploads\/2022\/10\/arcoiris-300x141.jpg 300w, https:\/\/sacromontegranada.com\/wp-content\/uploads\/2022\/10\/arcoiris-1024x482.jpg 1024w, https:\/\/sacromontegranada.com\/wp-content\/uploads\/2022\/10\/arcoiris-768x362.jpg 768w, https:\/\/sacromontegranada.com\/wp-content\/uploads\/2022\/10\/arcoiris-370x174.jpg 370w, https:\/\/sacromontegranada.com\/wp-content\/uploads\/2022\/10\/arcoiris-770x363.jpg 770w, https:\/\/sacromontegranada.com\/wp-content\/uploads\/2022\/10\/arcoiris-600x283.jpg 600w\" sizes=\"(max-width: 1280px) 100vw, 1280px\" \/>\t\t\t\t\t\t\t\t\t\t\t\t\t\t\t<\/div>\n\t\t\t\t<\/div>\n\t\t\t\t<div class=\"elementor-element elementor-element-a8eb826 sc_height_small animation_type_block sc_fly_static elementor-widget elementor-widget-spacer\" data-id=\"a8eb826\" data-element_type=\"widget\" data-e-type=\"widget\" data-widget_type=\"spacer.default\">\n\t\t\t\t<div class=\"elementor-widget-container\">\n\t\t\t\t\t\t\t<div class=\"elementor-spacer\">\n\t\t\t<div class=\"elementor-spacer-inner\"><\/div>\n\t\t<\/div>\n\t\t\t\t\t\t<\/div>\n\t\t\t\t<\/div>\n\t\t\t\t\t<\/div>\n\t\t<\/div>\n\t\t\t\t\t<\/div>\n\t\t<\/section>\n\t\t\t\t<section class=\"elementor-section elementor-top-section elementor-element elementor-element-d6744d9 elementor-section-boxed elementor-section-height-default elementor-section-height-default\" data-id=\"d6744d9\" data-element_type=\"section\" data-e-type=\"section\">\n\t\t\t\t\t\t<div class=\"elementor-container elementor-column-gap-extended\">\n\t\t\t\t\t<div class=\"elementor-column elementor-col-100 elementor-top-column elementor-element elementor-element-5fc089f sc_inner_width_none sc_content_align_inherit sc_layouts_column_icons_position_left\" data-id=\"5fc089f\" data-element_type=\"column\" data-e-type=\"column\">\n\t\t\t<div class=\"elementor-widget-wrap elementor-element-populated\">\n\t\t\t\t\t\t<div class=\"elementor-element elementor-element-bd6e4cd sc_height_large animation_type_block sc_fly_static elementor-widget elementor-widget-spacer\" data-id=\"bd6e4cd\" data-element_type=\"widget\" data-e-type=\"widget\" data-widget_type=\"spacer.default\">\n\t\t\t\t<div class=\"elementor-widget-container\">\n\t\t\t\t\t\t\t<div class=\"elementor-spacer\">\n\t\t\t<div class=\"elementor-spacer-inner\"><\/div>\n\t\t<\/div>\n\t\t\t\t\t\t<\/div>\n\t\t\t\t<\/div>\n\t\t\t\t\t<\/div>\n\t\t<\/div>\n\t\t\t\t\t<\/div>\n\t\t<\/section>\n\t\t\t\t<\/div>\n\t\t","protected":false},"excerpt":{"rendered":"<p>Valpara\u00edso, el valle del r\u00edo Darro Podr\u00eda considerarse que todo el valle del Darro constituye un sistema hidr\u00e1ulico fundamentalmente de origen andalus\u00ed y, al contrario de lo ocurrido en otros lugares del entorno de Granada, en el Darro se conservan casi intactos sus trazados y&hellip;<\/p>","protected":false},"author":1,"featured_media":0,"parent":0,"menu_order":0,"comment_status":"closed","ping_status":"closed","template":"","meta":{"footnotes":""},"class_list":["post-5808","page","type-page","status-publish","hentry"],"yoast_head":"<!-- This site is optimized with the Yoast SEO plugin v27.3 - https:\/\/yoast.com\/product\/yoast-seo-wordpress\/ -->\n<title>El Valle del r\u00edo Darro - MCS<\/title>\n<meta name=\"robots\" content=\"index, follow, max-snippet:-1, max-image-preview:large, max-video-preview:-1\" \/>\n<link rel=\"canonical\" href=\"https:\/\/sacromontegranada.com\/en\/valle-darro\/\" \/>\n<meta property=\"og:locale\" content=\"en_GB\" \/>\n<meta property=\"og:type\" content=\"article\" \/>\n<meta property=\"og:title\" content=\"El Valle del r\u00edo Darro - MCS\" \/>\n<meta property=\"og:description\" content=\"Valpara\u00edso, el valle del r\u00edo Darro Podr\u00eda considerarse que todo el valle del Darro constituye un sistema hidr\u00e1ulico fundamentalmente de origen andalus\u00ed y, al contrario de lo ocurrido en otros lugares del entorno de Granada, en el Darro se conservan casi intactos sus trazados y&hellip;\" \/>\n<meta property=\"og:url\" content=\"https:\/\/sacromontegranada.com\/en\/valle-darro\/\" \/>\n<meta property=\"og:site_name\" content=\"MCS\" \/>\n<meta property=\"article:publisher\" content=\"https:\/\/www.facebook.com\/museocuevas.sacromonte\" \/>\n<meta property=\"article:modified_time\" content=\"2023-01-20T12:00:40+00:00\" \/>\n<meta property=\"og:image\" content=\"https:\/\/sacromontegranada.com\/wp-content\/uploads\/2022\/10\/carmenes-del-darro.jpg\" \/>\n<meta name=\"twitter:card\" content=\"summary_large_image\" \/>\n<meta name=\"twitter:site\" content=\"@museosacromonte\" \/>\n<meta name=\"twitter:label1\" content=\"Estimated reading time\" \/>\n\t<meta name=\"twitter:data1\" content=\"4 minutes\" \/>\n<script type=\"application\/ld+json\" class=\"yoast-schema-graph\">{\"@context\":\"https:\\\/\\\/schema.org\",\"@graph\":[{\"@type\":\"WebPage\",\"@id\":\"https:\\\/\\\/sacromontegranada.com\\\/valle-darro\\\/\",\"url\":\"https:\\\/\\\/sacromontegranada.com\\\/valle-darro\\\/\",\"name\":\"El Valle del r\u00edo Darro - MCS\",\"isPartOf\":{\"@id\":\"https:\\\/\\\/sacromontegranada.com\\\/#website\"},\"primaryImageOfPage\":{\"@id\":\"https:\\\/\\\/sacromontegranada.com\\\/valle-darro\\\/#primaryimage\"},\"image\":{\"@id\":\"https:\\\/\\\/sacromontegranada.com\\\/valle-darro\\\/#primaryimage\"},\"thumbnailUrl\":\"https:\\\/\\\/sacromontegranada.com\\\/wp-content\\\/uploads\\\/2022\\\/10\\\/carmenes-del-darro.jpg\",\"datePublished\":\"2022-10-26T19:27:29+00:00\",\"dateModified\":\"2023-01-20T12:00:40+00:00\",\"breadcrumb\":{\"@id\":\"https:\\\/\\\/sacromontegranada.com\\\/valle-darro\\\/#breadcrumb\"},\"inLanguage\":\"en-GB\",\"potentialAction\":[{\"@type\":\"ReadAction\",\"target\":[\"https:\\\/\\\/sacromontegranada.com\\\/valle-darro\\\/\"]}]},{\"@type\":\"ImageObject\",\"inLanguage\":\"en-GB\",\"@id\":\"https:\\\/\\\/sacromontegranada.com\\\/valle-darro\\\/#primaryimage\",\"url\":\"https:\\\/\\\/sacromontegranada.com\\\/wp-content\\\/uploads\\\/2022\\\/10\\\/carmenes-del-darro.jpg\",\"contentUrl\":\"https:\\\/\\\/sacromontegranada.com\\\/wp-content\\\/uploads\\\/2022\\\/10\\\/carmenes-del-darro.jpg\"},{\"@type\":\"BreadcrumbList\",\"@id\":\"https:\\\/\\\/sacromontegranada.com\\\/valle-darro\\\/#breadcrumb\",\"itemListElement\":[{\"@type\":\"ListItem\",\"position\":1,\"name\":\"Portada\",\"item\":\"https:\\\/\\\/sacromontegranada.com\\\/\"},{\"@type\":\"ListItem\",\"position\":2,\"name\":\"El Valle del r\u00edo Darro\"}]},{\"@type\":\"WebSite\",\"@id\":\"https:\\\/\\\/sacromontegranada.com\\\/#website\",\"url\":\"https:\\\/\\\/sacromontegranada.com\\\/\",\"name\":\"Museo Cuevas del Sacromonte\",\"description\":\"Museo Cuevas del Sacromonte\",\"publisher\":{\"@id\":\"https:\\\/\\\/sacromontegranada.com\\\/#organization\"},\"potentialAction\":[{\"@type\":\"SearchAction\",\"target\":{\"@type\":\"EntryPoint\",\"urlTemplate\":\"https:\\\/\\\/sacromontegranada.com\\\/?s={search_term_string}\"},\"query-input\":{\"@type\":\"PropertyValueSpecification\",\"valueRequired\":true,\"valueName\":\"search_term_string\"}}],\"inLanguage\":\"en-GB\"},{\"@type\":\"Organization\",\"@id\":\"https:\\\/\\\/sacromontegranada.com\\\/#organization\",\"name\":\"Museo Cuevas del Sacromonte\",\"url\":\"https:\\\/\\\/sacromontegranada.com\\\/\",\"logo\":{\"@type\":\"ImageObject\",\"inLanguage\":\"en-GB\",\"@id\":\"https:\\\/\\\/sacromontegranada.com\\\/#\\\/schema\\\/logo\\\/image\\\/\",\"url\":\"https:\\\/\\\/sacromontegranada.com\\\/wp-content\\\/uploads\\\/2022\\\/10\\\/logo-mcs.png\",\"contentUrl\":\"https:\\\/\\\/sacromontegranada.com\\\/wp-content\\\/uploads\\\/2022\\\/10\\\/logo-mcs.png\",\"width\":601,\"height\":159,\"caption\":\"Museo Cuevas del Sacromonte\"},\"image\":{\"@id\":\"https:\\\/\\\/sacromontegranada.com\\\/#\\\/schema\\\/logo\\\/image\\\/\"},\"sameAs\":[\"https:\\\/\\\/www.facebook.com\\\/museocuevas.sacromonte\",\"https:\\\/\\\/x.com\\\/museosacromonte\"]}]}<\/script>\n<!-- \/ Yoast SEO plugin. -->","yoast_head_json":{"title":"El Valle del r\u00edo Darro - MCS","robots":{"index":"index","follow":"follow","max-snippet":"max-snippet:-1","max-image-preview":"max-image-preview:large","max-video-preview":"max-video-preview:-1"},"canonical":"https:\/\/sacromontegranada.com\/en\/valle-darro\/","og_locale":"en_GB","og_type":"article","og_title":"El Valle del r\u00edo Darro - MCS","og_description":"Valpara\u00edso, el valle del r\u00edo Darro Podr\u00eda considerarse que todo el valle del Darro constituye un sistema hidr\u00e1ulico fundamentalmente de origen andalus\u00ed y, al contrario de lo ocurrido en otros lugares del entorno de Granada, en el Darro se conservan casi intactos sus trazados y&hellip;","og_url":"https:\/\/sacromontegranada.com\/en\/valle-darro\/","og_site_name":"MCS","article_publisher":"https:\/\/www.facebook.com\/museocuevas.sacromonte","article_modified_time":"2023-01-20T12:00:40+00:00","og_image":[{"url":"https:\/\/sacromontegranada.com\/wp-content\/uploads\/2022\/10\/carmenes-del-darro.jpg","type":"","width":"","height":""}],"twitter_card":"summary_large_image","twitter_site":"@museosacromonte","twitter_misc":{"Estimated reading time":"4 minutes"},"schema":{"@context":"https:\/\/schema.org","@graph":[{"@type":"WebPage","@id":"https:\/\/sacromontegranada.com\/valle-darro\/","url":"https:\/\/sacromontegranada.com\/valle-darro\/","name":"El Valle del r\u00edo Darro - MCS","isPartOf":{"@id":"https:\/\/sacromontegranada.com\/#website"},"primaryImageOfPage":{"@id":"https:\/\/sacromontegranada.com\/valle-darro\/#primaryimage"},"image":{"@id":"https:\/\/sacromontegranada.com\/valle-darro\/#primaryimage"},"thumbnailUrl":"https:\/\/sacromontegranada.com\/wp-content\/uploads\/2022\/10\/carmenes-del-darro.jpg","datePublished":"2022-10-26T19:27:29+00:00","dateModified":"2023-01-20T12:00:40+00:00","breadcrumb":{"@id":"https:\/\/sacromontegranada.com\/valle-darro\/#breadcrumb"},"inLanguage":"en-GB","potentialAction":[{"@type":"ReadAction","target":["https:\/\/sacromontegranada.com\/valle-darro\/"]}]},{"@type":"ImageObject","inLanguage":"en-GB","@id":"https:\/\/sacromontegranada.com\/valle-darro\/#primaryimage","url":"https:\/\/sacromontegranada.com\/wp-content\/uploads\/2022\/10\/carmenes-del-darro.jpg","contentUrl":"https:\/\/sacromontegranada.com\/wp-content\/uploads\/2022\/10\/carmenes-del-darro.jpg"},{"@type":"BreadcrumbList","@id":"https:\/\/sacromontegranada.com\/valle-darro\/#breadcrumb","itemListElement":[{"@type":"ListItem","position":1,"name":"Portada","item":"https:\/\/sacromontegranada.com\/"},{"@type":"ListItem","position":2,"name":"El Valle del r\u00edo Darro"}]},{"@type":"WebSite","@id":"https:\/\/sacromontegranada.com\/#website","url":"https:\/\/sacromontegranada.com\/","name":"Museo Cuevas del Sacromonte","description":"Museo Cuevas del Sacromonte","publisher":{"@id":"https:\/\/sacromontegranada.com\/#organization"},"potentialAction":[{"@type":"SearchAction","target":{"@type":"EntryPoint","urlTemplate":"https:\/\/sacromontegranada.com\/?s={search_term_string}"},"query-input":{"@type":"PropertyValueSpecification","valueRequired":true,"valueName":"search_term_string"}}],"inLanguage":"en-GB"},{"@type":"Organization","@id":"https:\/\/sacromontegranada.com\/#organization","name":"Museo Cuevas del Sacromonte","url":"https:\/\/sacromontegranada.com\/","logo":{"@type":"ImageObject","inLanguage":"en-GB","@id":"https:\/\/sacromontegranada.com\/#\/schema\/logo\/image\/","url":"https:\/\/sacromontegranada.com\/wp-content\/uploads\/2022\/10\/logo-mcs.png","contentUrl":"https:\/\/sacromontegranada.com\/wp-content\/uploads\/2022\/10\/logo-mcs.png","width":601,"height":159,"caption":"Museo Cuevas del Sacromonte"},"image":{"@id":"https:\/\/sacromontegranada.com\/#\/schema\/logo\/image\/"},"sameAs":["https:\/\/www.facebook.com\/museocuevas.sacromonte","https:\/\/x.com\/museosacromonte"]}]}},"_links":{"self":[{"href":"https:\/\/sacromontegranada.com\/en\/wp-json\/wp\/v2\/pages\/5808","targetHints":{"allow":["GET"]}}],"collection":[{"href":"https:\/\/sacromontegranada.com\/en\/wp-json\/wp\/v2\/pages"}],"about":[{"href":"https:\/\/sacromontegranada.com\/en\/wp-json\/wp\/v2\/types\/page"}],"author":[{"embeddable":true,"href":"https:\/\/sacromontegranada.com\/en\/wp-json\/wp\/v2\/users\/1"}],"replies":[{"embeddable":true,"href":"https:\/\/sacromontegranada.com\/en\/wp-json\/wp\/v2\/comments?post=5808"}],"version-history":[{"count":23,"href":"https:\/\/sacromontegranada.com\/en\/wp-json\/wp\/v2\/pages\/5808\/revisions"}],"predecessor-version":[{"id":6762,"href":"https:\/\/sacromontegranada.com\/en\/wp-json\/wp\/v2\/pages\/5808\/revisions\/6762"}],"wp:attachment":[{"href":"https:\/\/sacromontegranada.com\/en\/wp-json\/wp\/v2\/media?parent=5808"}],"curies":[{"name":"wp","href":"https:\/\/api.w.org\/{rel}","templated":true}]}}